{"id":7779,"date":"2021-02-26T11:00:11","date_gmt":"2021-02-26T11:00:11","guid":{"rendered":"https:\/\/workspace.es\/?page_id=7779"},"modified":"2026-04-07T08:31:30","modified_gmt":"2026-04-07T08:31:30","slug":"alquiler-despacho-almeria","status":"publish","type":"page","link":"https:\/\/workspace.es\/en\/alquiler-espacios-de-trabajo-almeria\/alquiler-despacho-almeria\/","title":{"rendered":"Office Rental Almer\u00eda"},"content":{"rendered":"<p>[et_pb_section fb_built=\u00bb1&#8243; admin_label=\u00bbHero Section\u00bb _builder_version=\u00bb4.27.4&#8243; use_background_color_gradient=\u00bbon\u00bb background_color_gradient_direction=\u00bb120deg\u00bb background_color_gradient_stops=\u00bb#000000 0%|rgba(0,0,0,0) 100%\u00bb background_color_gradient_overlays_image=\u00bbon\u00bb background_color_gradient_start=\u00bb#000000&#8243; background_color_gradient_end=\u00bbrgba(0,0,0,0)\u00bb background_image=\u00bbhttps:\/\/workspace.es\/wp-content\/uploads\/2025\/03\/Despacho-Almeria.jpg\u00bb custom_padding=\u00bb10%||10%||false|false\u00bb global_colors_info=\u00bb{}\u00bb][et_pb_row admin_label=\u00bbHero Area\u00bb _builder_version=\u00bb4.16&#8243; global_colors_info=\u00bb{}\u00bb][et_pb_column type=\u00bb4_4&#8243; _builder_version=\u00bb4.16&#8243; custom_padding=\u00bb|||\u00bb global_colors_info=\u00bb{}\u00bb custom_padding__hover=\u00bb|||\u00bb][et_pb_text admin_label=\u00bbTitle\u00bb _builder_version=\u00bb4.27.4&#8243; text_font=\u00bb||||||||\u00bb header_font=\u00bbPoppins|600|||||||\u00bb header_font_size=\u00bb60px\u00bb header_line_height=\u00bb1.2em\u00bb background_layout=\u00bbdark\u00bb custom_padding=\u00bb||0px||false|false\u00bb animation_style=\u00bbfade\u00bb header_font_size_tablet=\u00bb\u00bb header_font_size_phone=\u00bb40px\u00bb header_font_size_last_edited=\u00bbon|phone\u00bb global_colors_info=\u00bb{}\u00bb]<\/p>\n<h1>Alquiler de despacho y oficina privada en Almer\u00eda<\/h1>\n<p>[\/et_pb_text][et_pb_text admin_label=\u00bbSubtitle\u00bb _builder_version=\u00bb4.27.4&#8243; text_font=\u00bbPoppins|300|||||||\u00bb text_font_size=\u00bb20px\u00bb text_letter_spacing=\u00bb2px\u00bb text_line_height=\u00bb1.8em\u00bb header_font=\u00bb||||||||\u00bb background_layout=\u00bbdark\u00bb custom_margin=\u00bb|||\u00bb custom_padding=\u00bb|||\u00bb animation_style=\u00bbfade\u00bb global_colors_info=\u00bb{}\u00bb]<\/p>\n<p>Si buscas <strong data-start=\"4638\" data-end=\"4673\">alquiler de despacho en Almer\u00eda<\/strong> o una <strong data-start=\"4680\" data-end=\"4711\">oficina privada en alquiler<\/strong> para trabajar con tranquilidad, recibir clientes y proyectar una imagen profesional, en Workspace encontrar\u00e1s un espacio flexible, equipado y listo para entrar.<\/p>\n<p>[\/et_pb_text][\/et_pb_column][\/et_pb_row][\/et_pb_section][et_pb_section fb_built=\u00bb1&#8243; admin_label=\u00bbProjects Section\u00bb _builder_version=\u00bb4.16&#8243; custom_margin=\u00bb|||\u00bb custom_padding=\u00bb90px||90px|||\u00bb global_colors_info=\u00bb{}\u00bb][et_pb_row admin_label=\u00bbShop Title Area\u00bb _builder_version=\u00bb4.16&#8243; global_colors_info=\u00bb{}\u00bb][et_pb_column type=\u00bb4_4&#8243; _builder_version=\u00bb4.16&#8243; custom_padding=\u00bb|||\u00bb global_colors_info=\u00bb{}\u00bb custom_padding__hover=\u00bb|||\u00bb][et_pb_code _builder_version=\u00bb4.27.0&#8243; text_orientation=\u00bbright\u00bb global_colors_info=\u00bb{}\u00bb]<span><span><a href=\"https:\/\/workspace.es\/\">INICIO<\/a><\/span><\/span>[\/et_pb_code][et_pb_text admin_label=\u00bbTitle\u00bb _builder_version=\u00bb4.27.0&#8243; text_font=\u00bb||||||||\u00bb header_font=\u00bb||||||||\u00bb header_2_font=\u00bbPoppins|600|||||||\u00bb header_2_font_size=\u00bb36px\u00bb header_2_line_height=\u00bb1.2em\u00bb text_orientation=\u00bbcenter\u00bb max_width=\u00bb550px\u00bb module_alignment=\u00bbcenter\u00bb custom_margin=\u00bb||0px|\u00bb animation_style=\u00bbfade\u00bb locked=\u00bboff\u00bb global_colors_info=\u00bb{}\u00bb]<\/p>\n<h2>Despachos y oficinas privadas en alquiler en Almer\u00eda<\/h2>\n<p>[\/et_pb_text][et_pb_divider color=\u00bb#ffc21b\u00bb divider_position=\u00bbcenter\u00bb divider_weight=\u00bb3px\u00bb _builder_version=\u00bb4.27.4&#8243; max_width=\u00bb50px\u00bb module_alignment=\u00bbcenter\u00bb custom_margin=\u00bb||20px|\u00bb animation_style=\u00bbslide\u00bb animation_direction=\u00bbtop\u00bb animation_intensity_slide=\u00bb10%\u00bb animation_starting_opacity=\u00bb100%\u00bb global_module=\u00bb9817&#8243; saved_tabs=\u00bball\u00bb locked=\u00bboff\u00bb global_colors_info=\u00bb{}\u00bb][\/et_pb_divider][et_pb_text _builder_version=\u00bb4.27.5&#8243; text_font=\u00bbPoppins||||||||\u00bb text_font_size=\u00bb18px\u00bb text_line_height=\u00bb1.8em\u00bb text_orientation=\u00bbcenter\u00bb module_alignment=\u00bbcenter\u00bb custom_margin=\u00bb|||\u00bb custom_padding=\u00bb||90px||false|false\u00bb animation_style=\u00bbfade\u00bb locked=\u00bboff\u00bb global_colors_info=\u00bb{}\u00bb]<\/p>\n<p data-start=\"253\" data-end=\"566\" class=\"\">Estamos en el centro hist\u00f3rico de Almer\u00eda, en un edificio singular, con servicios incluidos, atenci\u00f3n personalizada y gesti\u00f3n digital para que puedas centrarte en tu trabajo. Workspace ofrece actualmente despachos de 2 a 8 personas, acceso 24\/7 seg\u00fan modalidad, servicios incluidos y ubicaci\u00f3n c\u00e9ntrica en Calle Arr\u00e1ez 11<\/p>\n<p data-start=\"253\" data-end=\"566\" class=\"\">En Workspace ponemos a tu disposici\u00f3n <strong data-start=\"5330\" data-end=\"5375\">despachos privados en alquiler en Almer\u00eda<\/strong> pensados para aut\u00f3nomos, consultores, abogados, arquitectos, agencias, equipos peque\u00f1os y empresas que necesitan una <strong data-start=\"5493\" data-end=\"5512\">oficina privada<\/strong> sin asumir el coste y la rigidez de una oficina tradicional.<\/p>\n<p>[\/et_pb_text][\/et_pb_column][\/et_pb_row][et_pb_row column_structure=\u00bb1_2,1_2&#8243; admin_label=\u00bbProject 01&#8243; _builder_version=\u00bb4.27.4&#8243; background_size=\u00bbinitial\u00bb background_position=\u00bbtop_left\u00bb background_repeat=\u00bbrepeat\u00bb custom_padding=\u00bb|||\u00bb global_colors_info=\u00bb{}\u00bb][et_pb_column type=\u00bb1_2&#8243; _builder_version=\u00bb4.16&#8243; custom_padding=\u00bb|||\u00bb link_option_url=\u00bb#formulario\u00bb global_colors_info=\u00bb{}\u00bb custom_padding__hover=\u00bb|||\u00bb][et_pb_image src=\u00bbhttps:\/\/workspace.es\/wp-content\/uploads\/2026\/01\/despacho-coworking-almeria.jpg\u00bb alt=\u00bbProfesional trabajando en despacho privado en Workspace Coworking Almer\u00eda\u00bb title_text=\u00bbDespachos privados en alquiler en coworking de Almer\u00eda\u00bb align_tablet=\u00bbcenter\u00bb align_phone=\u00bb\u00bb align_last_edited=\u00bbon|desktop\u00bb _builder_version=\u00bb4.27.5&#8243; animation_direction=\u00bbright\u00bb global_colors_info=\u00bb{}\u00bb][\/et_pb_image][\/et_pb_column][et_pb_column type=\u00bb1_2&#8243; _builder_version=\u00bb4.16&#8243; custom_padding=\u00bb0px||0px||false|false\u00bb link_option_url=\u00bb#formulario\u00bb box_shadow_style=\u00bbpreset1&#8243; global_colors_info=\u00bb{}\u00bb custom_padding__hover=\u00bb|||\u00bb][et_pb_text admin_label=\u00bbTitle\u00bb _builder_version=\u00bb4.27.4&#8243; text_font=\u00bb||||||||\u00bb header_font=\u00bb||||||||\u00bb header_2_font=\u00bbPoppins|600|||||||\u00bb header_2_font_size=\u00bb36px\u00bb header_2_line_height=\u00bb1.2em\u00bb background_color=\u00bb#FFFFFF\u00bb text_orientation=\u00bbcenter\u00bb max_width=\u00bb350px\u00bb module_alignment=\u00bbcenter\u00bb custom_margin=\u00bb||0px|\u00bb custom_padding=\u00bb60px|30px||30px|false|false\u00bb animation_style=\u00bbfade\u00bb locked=\u00bboff\u00bb global_colors_info=\u00bb{}\u00bb]<\/p>\n<h2>Despacho<\/h2>\n<p>A PARTIR DE<\/p>\n<p><span><\/span><\/p>\n<p><span style=\"color: #0076be; font-size: 65px;\">300\u20ac<br \/><\/span><em style=\"font-size: 18px;\">AL MES<\/em><\/p>\n<p>Acceso 24 horas \/ 7 d\u00edas<\/p>\n<p><span>10h\/mes &#8211; Sala Vital, Casual o Idea<\/span><\/p>\n<p><span><\/span><\/p>\n<p><span><\/span><\/p>\n<p>[\/et_pb_text][et_pb_button button_url=\u00bb#formulario\u00bb button_text=\u00bbM\u00c1S INFORMACI\u00d3N\u00bb button_alignment=\u00bbcenter\u00bb _builder_version=\u00bb4.27.4&#8243; _module_preset=\u00bbdefault\u00bb custom_margin=\u00bb||-3px|||\u00bb global_colors_info=\u00bb{}\u00bb][\/et_pb_button][et_pb_text admin_label=\u00bbTitle\u00bb _builder_version=\u00bb4.27.0&#8243; text_font=\u00bb||||||||\u00bb header_font=\u00bb||||||||\u00bb header_2_font=\u00bbPoppins|600|||||||\u00bb header_2_font_size=\u00bb36px\u00bb header_2_line_height=\u00bb1.2em\u00bb background_color=\u00bb#FFFFFF\u00bb text_orientation=\u00bbcenter\u00bb max_width=\u00bb350px\u00bb module_alignment=\u00bbcenter\u00bb min_height=\u00bb49.6px\u00bb custom_margin=\u00bb||0px|\u00bb custom_padding=\u00bb60px|30px|12px|30px|false|false\u00bb animation_style=\u00bbfade\u00bb link_option_url=\u00bb#formulario\u00bb locked=\u00bboff\u00bb global_colors_info=\u00bb{}\u00bb]<\/p>\n<p><span>* IVA no incluido. Sin fianza ni permanencia.<\/span><\/p>\n<p>[\/et_pb_text][\/et_pb_column][\/et_pb_row][et_pb_row admin_label=\u00bbShop Title Area\u00bb _builder_version=\u00bb4.16&#8243; global_colors_info=\u00bb{}\u00bb][et_pb_column type=\u00bb4_4&#8243; _builder_version=\u00bb4.16&#8243; custom_padding=\u00bb|||\u00bb global_colors_info=\u00bb{}\u00bb custom_padding__hover=\u00bb|||\u00bb][et_pb_text _builder_version=\u00bb4.27.5&#8243; text_font=\u00bbPoppins||||||||\u00bb text_font_size=\u00bb18px\u00bb text_line_height=\u00bb1.8em\u00bb text_orientation=\u00bbcenter\u00bb module_alignment=\u00bbcenter\u00bb custom_margin=\u00bb|||\u00bb custom_padding=\u00bb||90px||false|false\u00bb animation_style=\u00bbfade\u00bb hover_enabled=\u00bb0&#8243; locked=\u00bboff\u00bb global_colors_info=\u00bb{}\u00bb sticky_enabled=\u00bb0&#8243;]<\/p>\n<h2 data-section-id=\"stzz3o\" data-start=\"5235\" data-end=\"5290\">Despachos y oficinas privadas en alquiler en Almer\u00eda<\/h2>\n<p data-start=\"5292\" data-end=\"5573\">En Workspace ponemos a tu disposici\u00f3n <strong data-start=\"5330\" data-end=\"5375\">despachos privados en alquiler en Almer\u00eda<\/strong> pensados para aut\u00f3nomos, consultores, abogados, arquitectos, agencias, equipos peque\u00f1os y empresas que necesitan una <strong data-start=\"5493\" data-end=\"5512\">oficina privada<\/strong> sin asumir el coste y la rigidez de una oficina tradicional.<\/p>\n<p data-start=\"5292\" data-end=\"5573\">\n<h3 data-section-id=\"16gti4b\" data-start=\"5575\" data-end=\"5615\">Despachos privados de 2 a 8 personas<\/h3>\n<p data-start=\"5617\" data-end=\"5901\">Disponemos de despachos para equipos reducidos y profesionales que necesitan privacidad, foco y una ubicaci\u00f3n representativa en el centro de la ciudad. Es una soluci\u00f3n ideal si quieres separar trabajo y vida personal, atender visitas y trabajar en un entorno m\u00e1s profesional que casa.<\/p>\n<p data-start=\"5617\" data-end=\"5901\">\n<h3 data-section-id=\"w2whk9\" data-start=\"5903\" data-end=\"5951\">Oficina privada flexible y lista para entrar<\/h3>\n<p data-start=\"5953\" data-end=\"6176\">No necesitas ocuparte de altas, mobiliario, internet, climatizaci\u00f3n o limpieza. Entras y empiezas a trabajar. Esa es la ventaja de alquilar una oficina flexible en un coworking profesional frente a un alquiler convencional.<\/p>\n<p>[\/et_pb_text][\/et_pb_column][\/et_pb_row][\/et_pb_section][et_pb_section fb_built=\u00bb1&#8243; disabled_on=\u00bboff|off|off\u00bb admin_label=\u00bbShop Section\u00bb _builder_version=\u00bb4.16&#8243; background_color=\u00bbrgba(0,90,150,0.11)\u00bb custom_padding=\u00bb0px||90px|||\u00bb global_colors_info=\u00bb{}\u00bb][et_pb_row admin_label=\u00bbShop Title Area\u00bb _builder_version=\u00bb4.16&#8243; global_colors_info=\u00bb{}\u00bb][et_pb_column type=\u00bb4_4&#8243; _builder_version=\u00bb4.16&#8243; custom_padding=\u00bb|||\u00bb global_colors_info=\u00bb{}\u00bb custom_padding__hover=\u00bb|||\u00bb][et_pb_text admin_label=\u00bbTitle\u00bb _builder_version=\u00bb4.16&#8243; text_font=\u00bb||||||||\u00bb header_font=\u00bb||||||||\u00bb header_2_font=\u00bbPoppins|600|||||||\u00bb header_2_font_size=\u00bb36px\u00bb header_2_line_height=\u00bb1.2em\u00bb text_orientation=\u00bbcenter\u00bb max_width=\u00bb550px\u00bb module_alignment=\u00bbcenter\u00bb custom_margin=\u00bb||0px|\u00bb animation_style=\u00bbfade\u00bb locked=\u00bboff\u00bb global_colors_info=\u00bb{}\u00bb]<\/p>\n<h2 data-section-id=\"19cxzp9\" data-start=\"6178\" data-end=\"6216\">Qu\u00e9 incluye el alquiler de despacho<\/h2>\n<p data-start=\"6218\" data-end=\"6330\">\n<p>[\/et_pb_text][et_pb_divider color=\u00bb#ffc21b\u00bb divider_position=\u00bbcenter\u00bb divider_weight=\u00bb3px\u00bb _builder_version=\u00bb4.27.4&#8243; max_width=\u00bb50px\u00bb module_alignment=\u00bbcenter\u00bb custom_margin=\u00bb||20px|\u00bb animation_style=\u00bbslide\u00bb animation_direction=\u00bbtop\u00bb animation_intensity_slide=\u00bb10%\u00bb animation_starting_opacity=\u00bb100%\u00bb global_module=\u00bb9817&#8243; saved_tabs=\u00bball\u00bb locked=\u00bboff\u00bb global_colors_info=\u00bb{}\u00bb][\/et_pb_divider][et_pb_text _builder_version=\u00bb4.27.4&#8243; text_font=\u00bbPoppins||||||||\u00bb text_font_size=\u00bb18px\u00bb text_line_height=\u00bb1.8em\u00bb text_orientation=\u00bbcenter\u00bb module_alignment=\u00bbcenter\u00bb custom_margin=\u00bb|||\u00bb animation_style=\u00bbfade\u00bb locked=\u00bboff\u00bb global_colors_info=\u00bb{}\u00bb custom_padding=\u00bb||0px|||\u00bb]<\/p>\n<p>Tu cuota incluye mucho m\u00e1s que un espacio cerrado. Incluye un entorno de trabajo dise\u00f1ado para rendir al m\u00e1ximo.<\/p>\n<p>[\/et_pb_text][\/et_pb_column][\/et_pb_row][et_pb_row column_structure=\u00bb1_5,1_5,1_5,1_5,1_5&#8243; use_custom_gutter=\u00bbon\u00bb gutter_width=\u00bb2&#8243; _builder_version=\u00bb4.16&#8243; _module_preset=\u00bbdefault\u00bb width=\u00bb100%\u00bb max_width=\u00bb80%\u00bb global_colors_info=\u00bb{}\u00bb][et_pb_column type=\u00bb1_5&#8243; _builder_version=\u00bb4.16&#8243; _module_preset=\u00bbdefault\u00bb global_colors_info=\u00bb{}\u00bb][et_pb_blurb title=\u00bbInternet\u00bb image_icon_width=\u00bb65%\u00bb _builder_version=\u00bb4.27.5&#8243; _module_preset=\u00bbdefault\u00bb header_font_size=\u00bb25px\u00bb body_text_color=\u00bb#666666&#8243; text_orientation=\u00bbcenter\u00bb hover_enabled=\u00bb0&#8243; image_max_width=\u00bb65%\u00bb global_colors_info=\u00bb{}\u00bb sticky_enabled=\u00bb0&#8243;]<\/p>\n<p>Alta velocidad y conexi\u00f3n estable.<\/p>\n<p>[\/et_pb_blurb][et_pb_blurb title=\u00bbLimpieza\u00bb image_icon_width=\u00bb65%\u00bb _builder_version=\u00bb4.27.5&#8243; _module_preset=\u00bbdefault\u00bb header_font_size=\u00bb25px\u00bb body_text_color=\u00bb#666666&#8243; text_orientation=\u00bbcenter\u00bb hover_enabled=\u00bb0&#8243; image_max_width=\u00bb65%\u00bb global_colors_info=\u00bb{}\u00bb sticky_enabled=\u00bb0&#8243;]<\/p>\n<p><span>Limpieza y desinfecci\u00f3n diaria.<\/span><\/p>\n<p>[\/et_pb_blurb][\/et_pb_column][et_pb_column type=\u00bb1_5&#8243; _builder_version=\u00bb4.16&#8243; _module_preset=\u00bbdefault\u00bb global_colors_info=\u00bb{}\u00bb][et_pb_blurb title=\u00bbAcceso 24\/7&#8243; image_icon_width=\u00bb65%\u00bb _builder_version=\u00bb4.27.5&#8243; _module_preset=\u00bbdefault\u00bb header_font_size=\u00bb25px\u00bb body_text_color=\u00bb#666666&#8243; text_orientation=\u00bbcenter\u00bb hover_enabled=\u00bb0&#8243; image_max_width=\u00bb65%\u00bb global_colors_info=\u00bb{}\u00bb sticky_enabled=\u00bb0&#8243;]<\/p>\n<p>\u00a0Acceso con c\u00f3digo personal<\/p>\n<p>[\/et_pb_blurb][et_pb_blurb title=\u00bbDomiciliaci\u00f3n\u00bb image_icon_width=\u00bb65%\u00bb _builder_version=\u00bb4.16&#8243; _module_preset=\u00bbdefault\u00bb header_font_size=\u00bb25px\u00bb body_text_color=\u00bb#666666&#8243; text_orientation=\u00bbcenter\u00bb image_max_width=\u00bb65%\u00bb global_colors_info=\u00bb{}\u00bb]<\/p>\n<p><span>Domiciliaci\u00f3n social y fiscal.<\/span><\/p>\n<p>[\/et_pb_blurb][\/et_pb_column][et_pb_column type=\u00bb1_5&#8243; _builder_version=\u00bb4.16&#8243; _module_preset=\u00bbdefault\u00bb global_colors_info=\u00bb{}\u00bb][et_pb_blurb title=\u00bbGesti\u00f3n digital\u00bb image_icon_width=\u00bb65%\u00bb _builder_version=\u00bb4.16&#8243; _module_preset=\u00bbdefault\u00bb header_font_size=\u00bb25px\u00bb body_text_color=\u00bb#666666&#8243; text_orientation=\u00bbcenter\u00bb image_max_width=\u00bb65%\u00bb global_colors_info=\u00bb{}\u00bb]<\/p>\n<p><span>Asistencia t\u00e9cnica y gesti\u00f3n digital.<\/span><\/p>\n<p>[\/et_pb_blurb][et_pb_blurb title=\u00bbDirectorio\u00bb image_icon_width=\u00bb65%\u00bb _builder_version=\u00bb4.16&#8243; _module_preset=\u00bbdefault\u00bb header_font_size=\u00bb25px\u00bb body_text_color=\u00bb#666666&#8243; text_orientation=\u00bbcenter\u00bb image_max_width=\u00bb65%\u00bb global_colors_info=\u00bb{}\u00bb]<\/p>\n<p><span>Imprimimos tu logo para ponerlo en el directorio<\/span><\/p>\n<p>[\/et_pb_blurb][et_pb_blurb title=\u00bbMeeting Room\u00bb image_icon_width=\u00bb65%\u00bb _builder_version=\u00bb4.27.4&#8243; _module_preset=\u00bbdefault\u00bb header_font_size=\u00bb25px\u00bb body_text_color=\u00bb#666666&#8243; text_orientation=\u00bbcenter\u00bb image_max_width=\u00bb65%\u00bb global_colors_info=\u00bb{}\u00bb]<\/p>\n<p>Uso de salas de reuniones<\/p>\n<p>[\/et_pb_blurb][\/et_pb_column][et_pb_column type=\u00bb1_5&#8243; _builder_version=\u00bb4.16&#8243; _module_preset=\u00bbdefault\u00bb global_colors_info=\u00bb{}\u00bb][et_pb_blurb title=\u00bbRecepci\u00f3n\u00bb image_icon_width=\u00bb65%\u00bb _builder_version=\u00bb4.27.5&#8243; _module_preset=\u00bbdefault\u00bb header_font_size=\u00bb25px\u00bb body_text_color=\u00bb#666666&#8243; text_orientation=\u00bbcenter\u00bb hover_enabled=\u00bb0&#8243; image_max_width=\u00bb65%\u00bb global_colors_info=\u00bb{}\u00bb sticky_enabled=\u00bb0&#8243;]<\/p>\n<p><span>Recepci\u00f3n de visitas y mensajer\u00eda.<\/span><\/p>\n<p>[\/et_pb_blurb][et_pb_blurb title=\u00bbReprograf\u00eda\u00bb image_icon_width=\u00bb65%\u00bb _builder_version=\u00bb4.27.5&#8243; _module_preset=\u00bbdefault\u00bb header_font_size=\u00bb25px\u00bb body_text_color=\u00bb#666666&#8243; text_orientation=\u00bbcenter\u00bb hover_enabled=\u00bb0&#8243; image_max_width=\u00bb65%\u00bb global_colors_info=\u00bb{}\u00bb sticky_enabled=\u00bb0&#8243;]<\/p>\n<p><span>Posibilidad de imprimir y escanear.<\/span><\/p>\n<p>[\/et_pb_blurb][et_pb_blurb title=\u00bbParking vigilado\u00bb image_icon_width=\u00bb65%\u00bb _builder_version=\u00bb4.27.5&#8243; _module_preset=\u00bbdefault\u00bb header_font_size=\u00bb25px\u00bb body_text_color=\u00bb#666666&#8243; text_orientation=\u00bbcenter\u00bb hover_enabled=\u00bb0&#8243; image_max_width=\u00bb65%\u00bb global_colors_info=\u00bb{}\u00bb sticky_enabled=\u00bb0&#8243;]<\/p>\n<p><span>Parking para patinetes y bicicletas.<\/span><\/p>\n<p>[\/et_pb_blurb][\/et_pb_column][et_pb_column _builder_version=\u00bb4.27.5&#8243; _module_preset=\u00bbdefault\u00bb type=\u00bb1_5&#8243;][\/et_pb_column][\/et_pb_row][\/et_pb_section][et_pb_section fb_built=\u00bb1&#8243; disabled_on=\u00bboff|off|off\u00bb admin_label=\u00bbShop Section\u00bb module_id=\u00bbformulario\u00bb _builder_version=\u00bb4.27.0&#8243; custom_padding=\u00bb90px||90px|\u00bb saved_tabs=\u00bball\u00bb global_colors_info=\u00bb{}\u00bb][et_pb_row admin_label=\u00bbShop Title Area\u00bb _builder_version=\u00bb4.16&#8243; global_colors_info=\u00bb{}\u00bb][et_pb_column type=\u00bb4_4&#8243; _builder_version=\u00bb4.16&#8243; custom_padding=\u00bb|||\u00bb global_colors_info=\u00bb{}\u00bb custom_padding__hover=\u00bb|||\u00bb][et_pb_text admin_label=\u00bbTitle\u00bb _builder_version=\u00bb4.16&#8243; text_font=\u00bb||||||||\u00bb header_font=\u00bb||||||||\u00bb header_2_font=\u00bbPoppins|600|||||||\u00bb header_2_font_size=\u00bb36px\u00bb header_2_line_height=\u00bb1.2em\u00bb text_orientation=\u00bbcenter\u00bb max_width=\u00bb550px\u00bb module_alignment=\u00bbcenter\u00bb custom_margin=\u00bb||0px|\u00bb animation_style=\u00bbfade\u00bb locked=\u00bboff\u00bb global_colors_info=\u00bb{}\u00bb]<\/p>\n<h2>Cont\u00e1ctanos<br \/>\u00a1Nos encantar\u00eda saber de ti!<\/h2>\n<p>[\/et_pb_text][et_pb_divider color=\u00bb#ffc21b\u00bb divider_position=\u00bbcenter\u00bb divider_weight=\u00bb3px\u00bb _builder_version=\u00bb4.27.4&#8243; max_width=\u00bb50px\u00bb module_alignment=\u00bbcenter\u00bb custom_margin=\u00bb||20px|\u00bb animation_style=\u00bbslide\u00bb animation_direction=\u00bbtop\u00bb animation_intensity_slide=\u00bb10%\u00bb animation_starting_opacity=\u00bb100%\u00bb global_module=\u00bb9817&#8243; saved_tabs=\u00bball\u00bb locked=\u00bboff\u00bb global_colors_info=\u00bb{}\u00bb][\/et_pb_divider][et_pb_text _builder_version=\u00bb4.16&#8243; text_font=\u00bbPoppins||||||||\u00bb text_font_size=\u00bb18px\u00bb text_line_height=\u00bb1.8em\u00bb text_orientation=\u00bbcenter\u00bb max_width=\u00bb550px\u00bb module_alignment=\u00bbcenter\u00bb custom_margin=\u00bb|||\u00bb animation_style=\u00bbfade\u00bb locked=\u00bboff\u00bb global_colors_info=\u00bb{}\u00bb]<\/p>\n<p><span>Si tienes alguna duda o necesitas orientaci\u00f3n, d\u00e9janos tus datos y te llamaremos sin compromiso.<\/span><br \/><span>Queremos ayudarte a encontrar la soluci\u00f3n que mejor se adapte a tus necesidades. \u00a1Hablemos!.<\/span><\/p>\n<p>[\/et_pb_text][et_pb_contact_form captcha=\u00bboff\u00bb email=\u00bbinfo@workspace.es\u00bb custom_message=\u00bbSolicitud de informaci\u00f3n desde la web despacho. ||et_pb_line_break_holder||||et_pb_line_break_holder||Mi nombre es %%Name%%||et_pb_line_break_holder||%%Phone%%||et_pb_line_break_holder||%%Email%%||et_pb_line_break_holder||||et_pb_line_break_holder||Quiero informaci\u00f3n de un despacho para %%Info%% personas||et_pb_line_break_holder||\u00bb success_message=\u00bb\u00a1Muchas gracias! En breve nos pondremos en contacto contigo a trav\u00e9s de una llamada telef\u00f3nica\u00bb submit_button_text=\u00bbENVIAR\u00bb _builder_version=\u00bb4.27.4&#8243; _module_preset=\u00bbdefault\u00bb _unique_id=\u00bba1ac7909-3f03-43ba-9808-a3a72f6b6e9c\u00bb form_field_background_color=\u00bbRGBA(0,0,0,0)\u00bb title_text_align=\u00bbleft\u00bb custom_button=\u00bbon\u00bb button_text_size=\u00bb16px\u00bb text_orientation=\u00bbleft\u00bb width=\u00bb75%\u00bb module_alignment=\u00bbcenter\u00bb custom_padding=\u00bb15px||||false|false\u00bb box_shadow_style=\u00bbpreset7&#8243; box_shadow_horizontal=\u00bb0px\u00bb box_shadow_vertical=\u00bb-1px\u00bb global_colors_info=\u00bb{}\u00bb][et_pb_contact_field field_id=\u00bbName\u00bb field_title=\u00bbNombre\u00bb fullwidth_field=\u00bbon\u00bb _builder_version=\u00bb4.16&#8243; form_field_text_color=\u00bb#000000&#8243; global_colors_info=\u00bb{}\u00bb button_text_size__hover_enabled=\u00bboff\u00bb button_one_text_size__hover_enabled=\u00bboff\u00bb button_two_text_size__hover_enabled=\u00bboff\u00bb button_text_color__hover_enabled=\u00bboff\u00bb button_one_text_color__hover_enabled=\u00bboff\u00bb button_two_text_color__hover_enabled=\u00bboff\u00bb button_border_width__hover_enabled=\u00bboff\u00bb button_one_border_width__hover_enabled=\u00bboff\u00bb button_two_border_width__hover_enabled=\u00bboff\u00bb button_border_color__hover_enabled=\u00bboff\u00bb button_one_border_color__hover_enabled=\u00bboff\u00bb button_two_border_color__hover_enabled=\u00bboff\u00bb button_border_radius__hover_enabled=\u00bboff\u00bb button_one_border_radius__hover_enabled=\u00bboff\u00bb button_two_border_radius__hover_enabled=\u00bboff\u00bb button_letter_spacing__hover_enabled=\u00bboff\u00bb button_one_letter_spacing__hover_enabled=\u00bboff\u00bb button_two_letter_spacing__hover_enabled=\u00bboff\u00bb button_bg_color__hover_enabled=\u00bboff\u00bb button_one_bg_color__hover_enabled=\u00bboff\u00bb button_two_bg_color__hover_enabled=\u00bboff\u00bb][\/et_pb_contact_field][et_pb_contact_field field_id=\u00bbEmail\u00bb field_title=\u00bbDirecci\u00f3n de correo electr\u00f3nico\u00bb field_type=\u00bbemail\u00bb _builder_version=\u00bb4.16&#8243; form_field_text_color=\u00bb#000000&#8243; global_colors_info=\u00bb{}\u00bb button_text_size__hover_enabled=\u00bboff\u00bb button_one_text_size__hover_enabled=\u00bboff\u00bb button_two_text_size__hover_enabled=\u00bboff\u00bb button_text_color__hover_enabled=\u00bboff\u00bb button_one_text_color__hover_enabled=\u00bboff\u00bb button_two_text_color__hover_enabled=\u00bboff\u00bb button_border_width__hover_enabled=\u00bboff\u00bb button_one_border_width__hover_enabled=\u00bboff\u00bb button_two_border_width__hover_enabled=\u00bboff\u00bb button_border_color__hover_enabled=\u00bboff\u00bb button_one_border_color__hover_enabled=\u00bboff\u00bb button_two_border_color__hover_enabled=\u00bboff\u00bb button_border_radius__hover_enabled=\u00bboff\u00bb button_one_border_radius__hover_enabled=\u00bboff\u00bb button_two_border_radius__hover_enabled=\u00bboff\u00bb button_letter_spacing__hover_enabled=\u00bboff\u00bb button_one_letter_spacing__hover_enabled=\u00bboff\u00bb button_two_letter_spacing__hover_enabled=\u00bboff\u00bb button_bg_color__hover_enabled=\u00bboff\u00bb button_one_bg_color__hover_enabled=\u00bboff\u00bb button_two_bg_color__hover_enabled=\u00bboff\u00bb][\/et_pb_contact_field][et_pb_contact_field field_id=\u00bbPhone\u00bb field_title=\u00bbTel\u00e9fono\u00bb min_length=\u00bb9&#8243; _builder_version=\u00bb4.16&#8243; form_field_text_color=\u00bb#000000&#8243; global_colors_info=\u00bb{}\u00bb button_text_size__hover_enabled=\u00bboff\u00bb button_one_text_size__hover_enabled=\u00bboff\u00bb button_two_text_size__hover_enabled=\u00bboff\u00bb button_text_color__hover_enabled=\u00bboff\u00bb button_one_text_color__hover_enabled=\u00bboff\u00bb button_two_text_color__hover_enabled=\u00bboff\u00bb button_border_width__hover_enabled=\u00bboff\u00bb button_one_border_width__hover_enabled=\u00bboff\u00bb button_two_border_width__hover_enabled=\u00bboff\u00bb button_border_color__hover_enabled=\u00bboff\u00bb button_one_border_color__hover_enabled=\u00bboff\u00bb button_two_border_color__hover_enabled=\u00bboff\u00bb button_border_radius__hover_enabled=\u00bboff\u00bb button_one_border_radius__hover_enabled=\u00bboff\u00bb button_two_border_radius__hover_enabled=\u00bboff\u00bb button_letter_spacing__hover_enabled=\u00bboff\u00bb button_one_letter_spacing__hover_enabled=\u00bboff\u00bb button_two_letter_spacing__hover_enabled=\u00bboff\u00bb button_bg_color__hover_enabled=\u00bboff\u00bb button_one_bg_color__hover_enabled=\u00bboff\u00bb button_two_bg_color__hover_enabled=\u00bboff\u00bb][\/et_pb_contact_field][et_pb_contact_field field_id=\u00bbInfo\u00bb field_title=\u00bbUn despacho, \u00bfPara cu\u00e1ntas personas?\u00bb min_length=\u00bb1&#8243; max_length=\u00bb2&#8243; allowed_symbols=\u00bbnumbers\u00bb fullwidth_field=\u00bbon\u00bb _builder_version=\u00bb4.27.4&#8243; _module_preset=\u00bbdefault\u00bb form_field_background_color=\u00bb#e0e0e0&#8243; form_field_font=\u00bb||||||||\u00bb background_color=\u00bbRGBA(0,0,0,0)\u00bb background_enable_color=\u00bbon\u00bb global_colors_info=\u00bb{}\u00bb][\/et_pb_contact_field][et_pb_contact_field field_id=\u00bbAcepto\u00bb field_title=\u00bbWorkspace tratar\u00e1 tus datos \u00fanicamente para tramitar tu solicitud. Puedes conocer c\u00f3mo ejercer tus derechos de acceso, rectificaci\u00f3n y supresi\u00f3n en nuestra Pol\u00edtica de Privacidad\u00bb field_type=\u00bbcheckbox\u00bb checkbox_options=\u00bb%91{%22value%22:%22He le\u00eddo y acepto las condiciones contenidas en la pol\u00edtica de privacidad sobre el tratamiento de mis datos para gestionar mi consulta o petici\u00f3n.%22,%22checked%22:0,%22dragID%22:-1}%93&#8243; fullwidth_field=\u00bbon\u00bb _builder_version=\u00bb4.27.4&#8243; _module_preset=\u00bbdefault\u00bb form_field_background_color=\u00bb#e0e0e0&#8243; global_colors_info=\u00bb{}\u00bb][\/et_pb_contact_field][\/et_pb_contact_form][\/et_pb_column][\/et_pb_row][\/et_pb_section][et_pb_section fb_built=\u00bb1&#8243; disabled_on=\u00bboff|off|off\u00bb admin_label=\u00bbShop Section\u00bb _builder_version=\u00bb4.8.1&#8243; background_color=\u00bbrgba(0,90,150,0.11)\u00bb custom_padding=\u00bb90px||90px|\u00bb global_colors_info=\u00bb{}\u00bb][et_pb_row admin_label=\u00bbShop Title Area\u00bb _builder_version=\u00bb4.16&#8243; global_colors_info=\u00bb{}\u00bb][et_pb_column type=\u00bb4_4&#8243; _builder_version=\u00bb4.16&#8243; custom_padding=\u00bb|||\u00bb global_colors_info=\u00bb{}\u00bb custom_padding__hover=\u00bb|||\u00bb][et_pb_text admin_label=\u00bbTitle\u00bb _builder_version=\u00bb4.16&#8243; text_font=\u00bb||||||||\u00bb header_font=\u00bb||||||||\u00bb header_2_font=\u00bbPoppins|600|||||||\u00bb header_2_font_size=\u00bb36px\u00bb header_2_line_height=\u00bb1.2em\u00bb text_orientation=\u00bbcenter\u00bb max_width=\u00bb550px\u00bb module_alignment=\u00bbcenter\u00bb custom_margin=\u00bb||0px|\u00bb animation_style=\u00bbfade\u00bb locked=\u00bboff\u00bb global_colors_info=\u00bb{}\u00bb]<\/p>\n<h2>Preguntas frecuentes.<\/h2>\n<p>[\/et_pb_text][et_pb_divider color=\u00bb#feef38&#8243; divider_position=\u00bbcenter\u00bb divider_weight=\u00bb3px\u00bb _builder_version=\u00bb4.27.4&#8243; background_color=\u00bbRGBA(0,0,0,0)\u00bb max_width=\u00bb50px\u00bb module_alignment=\u00bbcenter\u00bb custom_margin=\u00bb||20px|\u00bb animation_style=\u00bbslide\u00bb animation_direction=\u00bbtop\u00bb animation_intensity_slide=\u00bb10%\u00bb animation_starting_opacity=\u00bb100%\u00bb locked=\u00bboff\u00bb global_colors_info=\u00bb{}\u00bb][\/et_pb_divider][et_pb_text _builder_version=\u00bb4.16&#8243; text_font=\u00bbPoppins||||||||\u00bb text_font_size=\u00bb18px\u00bb text_line_height=\u00bb1.8em\u00bb text_orientation=\u00bbcenter\u00bb module_alignment=\u00bbcenter\u00bb custom_margin=\u00bb|||\u00bb animation_style=\u00bbfade\u00bb locked=\u00bboff\u00bb global_colors_info=\u00bb{}\u00bb]<\/p>\n<p>Aqu\u00ed tienes las respuestas a las preguntas m\u00e1s frecuentes sobre despachos, no obstante si te queda alguna pregunta sin responder no dudes en contactar con nosotros.<\/p>\n<p>[\/et_pb_text][et_pb_toggle title=\u00bb\u00bfCu\u00e1nto cuesta alquilar un despacho en Almer\u00eda?\u00bb _builder_version=\u00bb4.27.5&#8243; _module_preset=\u00bbdefault\u00bb hover_enabled=\u00bb0&#8243; global_colors_info=\u00bb{}\u00bb sticky_enabled=\u00bb0&#8243;]<\/p>\n<p>Los precio van desde un despacho para una persona 300 \u20ac\/mes + IVA a 8 personas 300 1176\u20ac\/mes + IVA, seg\u00fan modalidad y tama\u00f1o.<\/p>\n<p>[\/et_pb_toggle][et_pb_toggle title=\u00bb\u00bfQu\u00e9 incluye el alquiler de la oficina?\u00bb _builder_version=\u00bb4.27.5&#8243; _module_preset=\u00bbdefault\u00bb hover_enabled=\u00bb0&#8243; global_colors_info=\u00bb{}\u00bb sticky_enabled=\u00bb0&#8243;]<\/p>\n<p>Internet, electricidad. aire acondicionado, acceso, limpieza, zonas comunes, recepci\u00f3n de visitas, paqueter\u00eda, domiciliaci\u00f3n y uso de salas seg\u00fan modalidad.<\/p>\n<p>[\/et_pb_toggle][et_pb_toggle title=\u00bb\u00bfHay permanencia o fianza?\u00bb _builder_version=\u00bb4.27.5&#8243; _module_preset=\u00bbdefault\u00bb hover_enabled=\u00bb0&#8243; global_colors_info=\u00bb{}\u00bb sticky_enabled=\u00bb0&#8243;]<\/p>\n<p>No hay fianza ni permanencia.<\/p>\n<p>[\/et_pb_toggle][et_pb_toggle title=\u00bb\u00bfPuedo recibir clientes en mi despacho?\u00bb _builder_version=\u00bb4.27.5&#8243; _module_preset=\u00bbdefault\u00bb hover_enabled=\u00bb0&#8243; global_colors_info=\u00bb{}\u00bb sticky_enabled=\u00bb0&#8243;]<\/p>\n<p data-start=\"10764\" data-end=\"10854\">Las visitas preferentemente ser\u00e1n en la as salas de visitas y uso de salas de reuniones.<\/p>\n<p>&nbsp;<\/p>\n<p>[\/et_pb_toggle][et_pb_toggle title=\u00bb\u00bfD\u00f3nde est\u00e1 la oficina?\u00bb _builder_version=\u00bb4.27.5&#8243; _module_preset=\u00bbdefault\u00bb hover_enabled=\u00bb0&#8243; global_colors_info=\u00bb{}\u00bb sticky_enabled=\u00bb0&#8243;]<\/p>\n<p data-start=\"10764\" data-end=\"10854\">En la primera planta privada del Edificio Workspace en el centro hist\u00f3rico de Almer\u00eda, entrada por calle Reina 17 y recepci\u00f3n en la calle Arr\u00e1ez 11.<\/p>\n<p>&nbsp;<\/p>\n<p>[\/et_pb_toggle][et_pb_toggle title=\u00bb\u00bfDispon\u00e9is de Parking?\u00bb _builder_version=\u00bb4.16&#8243; _module_preset=\u00bbdefault\u00bb global_colors_info=\u00bb{}\u00bb]<\/p>\n<p>El centro hist\u00f3rico de Almer\u00eda es zona azul regulada. Otra opci\u00f3n son los <a href=\"https:\/\/www.google.com\/maps\/search\/parking\/@36.8397186,-2.4694053,17z\/data=!4m8!2m7!3m6!1sparking!2sWorkSpace+Coworking+Almer%C3%ADa,+Plaza+de+la+Administraci%C3%B3n+Vieja+1+1%C2%BAizq,+04003+Almer%C3%ADa!3s0xd707606fcd55749:0xd0b1c4e4989daf78!4m2!1d-2.4672166!2d36.8397186\" rel=\"nofollow\">parking privados<\/a> en el entorno del coworking. Tambi\u00e9n puedes usar nuestro parking vigilado para bicicletas o venir en patinete el\u00e9ctrico.\u00a0<\/p>\n<p>[\/et_pb_toggle][et_pb_toggle title=\u00bb\u00bfCu\u00e1l es la velocidad de internet?\u00bb _builder_version=\u00bb4.16&#8243; _module_preset=\u00bbdefault\u00bb global_colors_info=\u00bb{}\u00bb]<\/p>\n<p>Disponemos de dos conexiones a internet de 1 Gb, una de ellas de respaldo, cada una de compa\u00f1\u00edas diferentes. Tanto los routers como los repetidores cuentan con sistema de alimentaci\u00f3n por bater\u00eda, lo que garantiza su funcionamiento en caso de corte el\u00e9ctrico en el vecindario.<\/p>\n<p>&nbsp;<\/p>\n<p>[\/et_pb_toggle][\/et_pb_column][\/et_pb_row][\/et_pb_section][et_pb_section fb_built=\u00bb1&#8243; disabled_on=\u00bboff|off|off\u00bb admin_label=\u00bbTestimonial Section\u00bb _builder_version=\u00bb4.16&#8243; background_color=\u00bb#282624&#8243; custom_padding=\u00bb90px||90px|\u00bb global_colors_info=\u00bb{}\u00bb][et_pb_row _builder_version=\u00bb4.9.0&#8243; global_module=\u00bb8033&#8243; saved_tabs=\u00bball\u00bb locked=\u00bboff\u00bb global_colors_info=\u00bb{}\u00bb][et_pb_column type=\u00bb4_4&#8243; _builder_version=\u00bb4.16&#8243; custom_padding=\u00bb|||\u00bb global_colors_info=\u00bb{}\u00bb custom_padding__hover=\u00bb|||\u00bb][et_pb_text admin_label=\u00bbTitle\u00bb _builder_version=\u00bb4.27.4&#8243; text_font=\u00bb||||||||\u00bb header_font=\u00bb||||||||\u00bb header_2_font=\u00bbPoppins|600|||||||\u00bb header_2_font_size=\u00bb36px\u00bb header_2_line_height=\u00bb1.2em\u00bb header_3_font=\u00bb||||||||\u00bb text_orientation=\u00bbcenter\u00bb background_layout=\u00bbdark\u00bb custom_margin=\u00bb||0px|\u00bb animation_direction=\u00bbleft\u00bb global_colors_info=\u00bb{}\u00bb]<\/p>\n<h2><strong data-start=\"1723\" data-end=\"1747\">Gesti\u00f3n 100% digital<\/strong> y acceso aut\u00f3nomo, para que reserves y gestiones todo desde la web o la app.<\/h2>\n<p>[\/et_pb_text][et_pb_divider color=\u00bb#ffc21b\u00bb divider_position=\u00bbcenter\u00bb divider_weight=\u00bb3px\u00bb _builder_version=\u00bb4.27.4&#8243; max_width=\u00bb50px\u00bb module_alignment=\u00bbcenter\u00bb animation_direction=\u00bbtop\u00bb global_colors_info=\u00bb{}\u00bb][\/et_pb_divider][et_pb_text _builder_version=\u00bb4.27.5&#8243; text_font=\u00bbPoppins|300|||||||\u00bb text_text_color=\u00bb#FFFFFF\u00bb text_font_size=\u00bb16px\u00bb text_letter_spacing=\u00bb1px\u00bb custom_padding=\u00bb4px|||||\u00bb global_colors_info=\u00bb{}\u00bb]<\/p>\n<p style=\"text-align: center;\"><span style=\"font-size: 20px;\"><strong><span class=\"valoracionmedia\">4.9<\/span><\/strong><\/span>\u00a0<span class=\"textovaloracion\">de<\/span>\u00a0<strong><span style=\"font-size: 20px;\">380\u00a0 <\/span><\/strong><span class=\"textovaloracion\">valoraciones<\/span><\/p>\n<p style=\"text-align: center;\"><span class=\"textovaloracion\"> <img decoding=\"async\" data-src=\"https:\/\/workspace.es\/wp-content\/uploads\/2025\/01\/stars-5.png\" width=\"204\" height=\"34\" alt=\"\" class=\"wp-image-9811 alignnone size-full lazyload\" data-srcset=\"https:\/\/workspace.es\/wp-content\/uploads\/2025\/01\/stars-5.png 204w, https:\/\/workspace.es\/wp-content\/uploads\/2025\/01\/stars-5-18x3.png 18w\" data-sizes=\"(max-width: 204px) 100vw, 204px\" src=\"data:image\/svg+xml;base64,PHN2ZyB3aWR0aD0iMSIgaGVpZ2h0PSIxIiB4bWxucz0iaHR0cDovL3d3dy53My5vcmcvMjAwMC9zdmciPjwvc3ZnPg==\" style=\"--smush-placeholder-width: 204px; --smush-placeholder-aspect-ratio: 204\/34;\" \/><\/span><\/p>\n<p>[\/et_pb_text][\/et_pb_column][\/et_pb_row][et_pb_row column_structure=\u00bb1_2,1_2&#8243; _builder_version=\u00bb4.16&#8243; _module_preset=\u00bbdefault\u00bb global_colors_info=\u00bb{}\u00bb][et_pb_column type=\u00bb1_2&#8243; _builder_version=\u00bb4.16&#8243; _module_preset=\u00bbdefault\u00bb global_colors_info=\u00bb{}\u00bb][et_pb_testimonial author=\u00bbWilker Contreras \u00bb url_new_window=\u00bbon\u00bb portrait_url=\u00bbhttps:\/\/lh3.googleusercontent.com\/a\/ACg8ocIKRzCW6wT7AWsfrta0sKxWgDC7WLc9AeLaRor9TeZdkTOo_FI=w45-h45-p-rp-mo-br100&#8243; quote_icon=\u00bboff\u00bb quote_icon_color=\u00bb#FFFFFF\u00bb quote_icon_background_color=\u00bbRGBA(0,0,0,0)\u00bb _builder_version=\u00bb4.27.5&#8243; _module_preset=\u00bbdefault\u00bb body_font=\u00bbPoppins|300|||||||\u00bb body_text_color=\u00bb#FFFFFF\u00bb body_font_size=\u00bb16px\u00bb body_letter_spacing=\u00bb1px\u00bb body_line_height=\u00bb1.4em\u00bb use_background_color=\u00bboff\u00bb background_layout=\u00bbdark\u00bb custom_padding=\u00bb25px||25px||false|false\u00bb border_color_all_portrait=\u00bbRGBA(0,0,0,0)\u00bb global_colors_info=\u00bb{}\u00bb]<\/p>\n<div>\n<div class=\"MyEned\" id=\"Ci9DQUlRQUNvZENodHljRjlvT25KS1h6TTJka1pRTlZGZmEzSnBPVEJZY1ZsWFJYYxAB\" lang=\"es\" tabindex=\"-1\"><span class=\"wiI7pd\">Excelente servicio con un ambiente muy c\u00f3modo perfecto para trabajar sin ning\u00fan tipo de molestias, muy buena la atenci\u00f3n ante cualquier necesidad, comodidad y tranquilidad total. Espacios enfocado para todo tipo trabajo con acceso a salas de reuniones<\/span><\/div>\n<\/div>\n<div class=\"KtCyie\"><\/div>\n<p>[\/et_pb_testimonial][\/et_pb_column][et_pb_column type=\u00bb1_2&#8243; _builder_version=\u00bb4.16&#8243; _module_preset=\u00bbdefault\u00bb global_colors_info=\u00bb{}\u00bb][et_pb_testimonial author=\u00bbMaruan\u00bb url_new_window=\u00bbon\u00bb portrait_url=\u00bbhttps:\/\/lh3.googleusercontent.com\/a\/ACg8ocIR6A_xX0fmZSPeticxHeihadnNP_wyRla-FssWbzf8uLzlQ0g=w45-h45-p-rp-mo-br100&#8243; quote_icon=\u00bboff\u00bb quote_icon_color=\u00bb#FFFFFF\u00bb quote_icon_background_color=\u00bbRGBA(0,0,0,0)\u00bb _builder_version=\u00bb4.27.5&#8243; _module_preset=\u00bbdefault\u00bb body_font=\u00bbPoppins|300|||||||\u00bb body_text_color=\u00bb#FFFFFF\u00bb body_font_size=\u00bb16px\u00bb body_letter_spacing=\u00bb1px\u00bb body_line_height=\u00bb1.4em\u00bb use_background_color=\u00bboff\u00bb background_layout=\u00bbdark\u00bb custom_padding=\u00bb25px||||false|false\u00bb border_color_all_portrait=\u00bbRGBA(0,0,0,0)\u00bb global_colors_info=\u00bb{}\u00bb]<\/p>\n<div>\n<div class=\"MyEned\" id=\"Ci9DQUlRQUNvZENodHljRjlvT21VNGVHRnhTSEJUTnkxeFNuVkJUbGs1ZUZsVFJuYxAB\" lang=\"es\" tabindex=\"-1\"><span class=\"wiI7pd\">Un lugar incre\u00edble para trabajar. Las instalaciones son modernas, c\u00f3modas y muy bien cuidadas, con todo lo necesario para trabajar a gusto. El trato es excelente, profesional, cercano y siempre dispuestos a ayudar. Sin duda, un coworking que recomiendo al 100%.<\/span><\/div>\n<\/div>\n<div><\/div>\n<div class=\"Upo0Ec\">\n<div class=\"GBkF3d \"><\/div>\n<\/div>\n<p>[\/et_pb_testimonial][\/et_pb_column][\/et_pb_row][et_pb_row _builder_version=\u00bb4.16&#8243; _module_preset=\u00bbdefault\u00bb global_colors_info=\u00bb{}\u00bb][et_pb_column type=\u00bb4_4&#8243; _builder_version=\u00bb4.16&#8243; _module_preset=\u00bbdefault\u00bb global_colors_info=\u00bb{}\u00bb][et_pb_text _builder_version=\u00bb4.16&#8243; _module_preset=\u00bbdefault\u00bb text_font_size=\u00bb17px\u00bb text_orientation=\u00bbcenter\u00bb global_colors_info=\u00bb{}\u00bb]<span style=\"color: #ffffff;\"><a href=\"https:\/\/g.page\/workspacealmeria?gm\" style=\"text-decoration: none; color: #ffffff;\" _blank=\"\" rel=\"nofollow noopener noreferrer\" target=\"_blank\">Ver m\u00e1s rese\u00f1as<\/a><\/span>[\/et_pb_text][\/et_pb_column][\/et_pb_row][\/et_pb_section][et_pb_section fb_built=\u00bb1&#8243; fullwidth=\u00bbon\u00bb _builder_version=\u00bb4.16&#8243; max_height=\u00bb435px\u00bb custom_padding=\u00bb0px||0px||false|false\u00bb global_colors_info=\u00bb{}\u00bb][et_pb_fullwidth_code _builder_version=\u00bb4.16&#8243; custom_padding=\u00bb0px||0px||false|false\u00bb global_colors_info=\u00bb{}\u00bb]<iframe data-src=\"https:\/\/www.google.com\/maps\/embed?pb=!1m18!1m12!1m3!1d2685.074800444767!2d-2.4691919079413314!3d36.83984016543981!2m3!1f0!2f0!3f0!3m2!1i1024!2i768!4f13.1!3m3!1m2!1s0xd707606fcd55749%3A0xd0b1c4e4989daf78!2sWorkSpace+Coworking+Almer%C3%ADa!5e0!3m2!1ses!2ses!4v1562664418771!5m2!1ses!2ses\" width=\"100%\" height=\"450\" frameborder=\"0\" style=\"border:0\" allowfullscreen src=\"data:image\/svg+xml;base64,PHN2ZyB3aWR0aD0iMSIgaGVpZ2h0PSIxIiB4bWxucz0iaHR0cDovL3d3dy53My5vcmcvMjAwMC9zdmciPjwvc3ZnPg==\" class=\"lazyload\" data-load-mode=\"1\"><\/iframe>[\/et_pb_fullwidth_code][\/et_pb_section]<\/p>\n","protected":false},"excerpt":{"rendered":"<p>Alquiler de despacho y oficina privada en Almer\u00edaSi buscas alquiler de despacho en Almer\u00eda o una oficina privada en alquiler para trabajar con tranquilidad, recibir clientes y proyectar una imagen profesional, en Workspace encontrar\u00e1s un espacio flexible, equipado y listo para entrar.<span><span><a href=\"https:\/\/workspace.es\/\">INICIO<\/a><\/span><\/span>Despachos y oficinas privadas en alquiler en Almer\u00edaEstamos en el centro hist\u00f3rico de Almer\u00eda, [&hellip;]<\/p>\n","protected":false},"author":1,"featured_media":10655,"parent":4343,"menu_order":0,"comment_status":"closed","ping_status":"closed","template":"","meta":{"_et_pb_use_builder":"on","_et_pb_old_content":"","_et_gb_content_width":"","_monsterinsights_skip_tracking":false,"_monsterinsights_sitenote_active":false,"_monsterinsights_sitenote_note":"","_monsterinsights_sitenote_category":0,"_joinchat":[],"footnotes":""},"class_list":["post-7779","page","type-page","status-publish","has-post-thumbnail","hentry"],"yoast_head":"<!-- This site is optimized with the Yoast SEO Premium plugin v26.8 (Yoast SEO v27.3) - https:\/\/yoast.com\/product\/yoast-seo-premium-wordpress\/ -->\n<title>Alquiler de despacho y oficina en Almer\u00eda | Workspace<\/title>\n<meta name=\"description\" content=\"Alquiler de despacho en Almer\u00eda desde 300 \u20ac\/mes. Oficina privada con wifi, salas, recepci\u00f3n, acceso 24\/7 y servicios incluidos. Sin fianza.\" \/>\n<meta name=\"robots\" content=\"index, follow, max-snippet:-1, max-image-preview:large, max-video-preview:-1\" \/>\n<link rel=\"canonical\" href=\"https:\/\/workspace.es\/en\/alquiler-espacios-de-trabajo-almeria\/alquiler-despacho-almeria\/\" \/>\n<meta property=\"og:locale\" content=\"en_US\" \/>\n<meta property=\"og:type\" content=\"article\" \/>\n<meta property=\"og:title\" content=\"Alquiler Despacho Almer\u00eda - Workspace Coworking Almer\u00eda\" \/>\n<meta property=\"og:description\" content=\"Alquiler Despacho Almer\u00eda En Workspace Coworking Almer\u00eda, el \u00fanico coworking en un edificio hist\u00f3rico exclusivo en el centro de Almer\u00eda, con espacios flexibles, gesti\u00f3n digital y atenci\u00f3n personalizada para impulsar tu productividad.\" \/>\n<meta property=\"og:url\" content=\"https:\/\/workspace.es\/en\/alquiler-espacios-de-trabajo-almeria\/alquiler-despacho-almeria\/\" \/>\n<meta property=\"og:site_name\" content=\"Workspace Coworking Almer\u00eda\" \/>\n<meta property=\"article:publisher\" content=\"https:\/\/www.facebook.com\/workspacecoworking\" \/>\n<meta property=\"article:modified_time\" content=\"2026-04-07T08:31:30+00:00\" \/>\n<meta property=\"og:image\" content=\"https:\/\/workspace.es\/wp-content\/uploads\/2025\/03\/Despacho-Almeria.jpg\" \/>\n\t<meta property=\"og:image:width\" content=\"1920\" \/>\n\t<meta property=\"og:image:height\" content=\"1080\" \/>\n\t<meta property=\"og:image:type\" content=\"image\/jpeg\" \/>\n<meta name=\"twitter:card\" content=\"summary_large_image\" \/>\n<meta name=\"twitter:site\" content=\"@workspacees\" \/>\n<meta name=\"twitter:label1\" content=\"Est. reading time\" \/>\n\t<meta name=\"twitter:data1\" content=\"5 minutes\" \/>\n<script type=\"application\/ld+json\" class=\"yoast-schema-graph\">{\"@context\":\"https:\\\/\\\/schema.org\",\"@graph\":[{\"@type\":\"WebPage\",\"@id\":\"https:\\\/\\\/workspace.es\\\/alquiler-espacios-de-trabajo-almeria\\\/alquiler-despacho-almeria\\\/\",\"url\":\"https:\\\/\\\/workspace.es\\\/alquiler-espacios-de-trabajo-almeria\\\/alquiler-despacho-almeria\\\/\",\"name\":\"Alquiler de despacho y oficina en Almer\u00eda | Workspace\",\"isPartOf\":{\"@id\":\"https:\\\/\\\/workspace.es\\\/#website\"},\"primaryImageOfPage\":{\"@id\":\"https:\\\/\\\/workspace.es\\\/alquiler-espacios-de-trabajo-almeria\\\/alquiler-despacho-almeria\\\/#primaryimage\"},\"image\":{\"@id\":\"https:\\\/\\\/workspace.es\\\/alquiler-espacios-de-trabajo-almeria\\\/alquiler-despacho-almeria\\\/#primaryimage\"},\"thumbnailUrl\":\"https:\\\/\\\/workspace.es\\\/wp-content\\\/uploads\\\/2025\\\/03\\\/Despacho-Almeria.jpg\",\"datePublished\":\"2021-02-26T11:00:11+00:00\",\"dateModified\":\"2026-04-07T08:31:30+00:00\",\"description\":\"Alquiler de despacho en Almer\u00eda desde 300 \u20ac\\\/mes. Oficina privada con wifi, salas, recepci\u00f3n, acceso 24\\\/7 y servicios incluidos. Sin fianza.\",\"breadcrumb\":{\"@id\":\"https:\\\/\\\/workspace.es\\\/alquiler-espacios-de-trabajo-almeria\\\/alquiler-despacho-almeria\\\/#breadcrumb\"},\"inLanguage\":\"en-US\",\"potentialAction\":[{\"@type\":\"ReadAction\",\"target\":[\"https:\\\/\\\/workspace.es\\\/alquiler-espacios-de-trabajo-almeria\\\/alquiler-despacho-almeria\\\/\"]}]},{\"@type\":\"ImageObject\",\"inLanguage\":\"en-US\",\"@id\":\"https:\\\/\\\/workspace.es\\\/alquiler-espacios-de-trabajo-almeria\\\/alquiler-despacho-almeria\\\/#primaryimage\",\"url\":\"https:\\\/\\\/workspace.es\\\/wp-content\\\/uploads\\\/2025\\\/03\\\/Despacho-Almeria.jpg\",\"contentUrl\":\"https:\\\/\\\/workspace.es\\\/wp-content\\\/uploads\\\/2025\\\/03\\\/Despacho-Almeria.jpg\",\"width\":1920,\"height\":1080,\"caption\":\"Profesional trabajando en un despacho equipado con varias pantallas y escritorio.\"},{\"@type\":\"BreadcrumbList\",\"@id\":\"https:\\\/\\\/workspace.es\\\/alquiler-espacios-de-trabajo-almeria\\\/alquiler-despacho-almeria\\\/#breadcrumb\",\"itemListElement\":[{\"@type\":\"ListItem\",\"position\":1,\"name\":\"INICIO\",\"item\":\"https:\\\/\\\/workspace.es\\\/\"},{\"@type\":\"ListItem\",\"position\":2,\"name\":\"Alquiler espacio de trabajo Almer\u00eda\",\"item\":\"https:\\\/\\\/workspace.es\\\/alquiler-espacios-de-trabajo-almeria\\\/\"},{\"@type\":\"ListItem\",\"position\":3,\"name\":\"Alquiler Despacho Almer\u00eda\"}]},{\"@type\":\"WebSite\",\"@id\":\"https:\\\/\\\/workspace.es\\\/#website\",\"url\":\"https:\\\/\\\/workspace.es\\\/\",\"name\":\"Workspace Coworking Almer\u00eda\",\"description\":\"Coworking en Almer\u00eda para empresas y profesionales: puestos de trabajo, salas y oficina virtual en un edificio hist\u00f3rico exclusivo.\",\"publisher\":{\"@id\":\"https:\\\/\\\/workspace.es\\\/#organization\"},\"alternateName\":\"Workspace Coworking Almer\u00eda Centro\",\"potentialAction\":[{\"@type\":\"SearchAction\",\"target\":{\"@type\":\"EntryPoint\",\"urlTemplate\":\"https:\\\/\\\/workspace.es\\\/?s={search_term_string}\"},\"query-input\":{\"@type\":\"PropertyValueSpecification\",\"valueRequired\":true,\"valueName\":\"search_term_string\"}}],\"inLanguage\":\"en-US\"},{\"@type\":\"Organization\",\"@id\":\"https:\\\/\\\/workspace.es\\\/#organization\",\"name\":\"Workspace Coworking Almeria\",\"alternateName\":\"WorkSpace Almeria\",\"url\":\"https:\\\/\\\/workspace.es\\\/\",\"logo\":{\"@type\":\"ImageObject\",\"inLanguage\":\"en-US\",\"@id\":\"https:\\\/\\\/workspace.es\\\/#\\\/schema\\\/logo\\\/image\\\/\",\"url\":\"https:\\\/\\\/workspace.es\\\/wp-content\\\/uploads\\\/2024\\\/12\\\/Workspace-vertical.png\",\"contentUrl\":\"https:\\\/\\\/workspace.es\\\/wp-content\\\/uploads\\\/2024\\\/12\\\/Workspace-vertical.png\",\"width\":1500,\"height\":1500,\"caption\":\"Workspace Coworking Almeria\"},\"image\":{\"@id\":\"https:\\\/\\\/workspace.es\\\/#\\\/schema\\\/logo\\\/image\\\/\"},\"sameAs\":[\"https:\\\/\\\/www.facebook.com\\\/workspacecoworking\",\"https:\\\/\\\/x.com\\\/workspacees\",\"https:\\\/\\\/www.instagram.com\\\/workspacecoworking\\\/\",\"https:\\\/\\\/www.linkedin.com\\\/company\\\/workspace-coworking-almeria\\\/\"],\"description\":\"Workspace Coworking Almer\u00eda es el \u00fanico coworking en un edificio hist\u00f3rico exclusivo en el centro de Almer\u00eda, con espacios de trabajo flexibles, gesti\u00f3n digital, atenci\u00f3n personalizada y un entorno profesional dise\u00f1ado para rendir al m\u00e1ximo.\",\"email\":\"hola@workspace.es\",\"telephone\":\"625 01 87 67\",\"legalName\":\"Workspace Coworking Almer\u00eda\",\"numberOfEmployees\":{\"@type\":\"QuantitativeValue\",\"minValue\":\"1\",\"maxValue\":\"10\"}}]}<\/script>\n<!-- \/ Yoast SEO Premium plugin. -->","yoast_head_json":{"title":"Alquiler de despacho y oficina en Almer\u00eda | Workspace","description":"Alquiler de despacho en Almer\u00eda desde 300 \u20ac\/mes. Oficina privada con wifi, salas, recepci\u00f3n, acceso 24\/7 y servicios incluidos. Sin fianza.","robots":{"index":"index","follow":"follow","max-snippet":"max-snippet:-1","max-image-preview":"max-image-preview:large","max-video-preview":"max-video-preview:-1"},"canonical":"https:\/\/workspace.es\/en\/alquiler-espacios-de-trabajo-almeria\/alquiler-despacho-almeria\/","og_locale":"en_US","og_type":"article","og_title":"Alquiler Despacho Almer\u00eda - Workspace Coworking Almer\u00eda","og_description":"Alquiler Despacho Almer\u00eda En Workspace Coworking Almer\u00eda, el \u00fanico coworking en un edificio hist\u00f3rico exclusivo en el centro de Almer\u00eda, con espacios flexibles, gesti\u00f3n digital y atenci\u00f3n personalizada para impulsar tu productividad.","og_url":"https:\/\/workspace.es\/en\/alquiler-espacios-de-trabajo-almeria\/alquiler-despacho-almeria\/","og_site_name":"Workspace Coworking Almer\u00eda","article_publisher":"https:\/\/www.facebook.com\/workspacecoworking","article_modified_time":"2026-04-07T08:31:30+00:00","og_image":[{"width":1920,"height":1080,"url":"https:\/\/workspace.es\/wp-content\/uploads\/2025\/03\/Despacho-Almeria.jpg","type":"image\/jpeg"}],"twitter_card":"summary_large_image","twitter_site":"@workspacees","twitter_misc":{"Est. reading time":"5 minutes"},"schema":{"@context":"https:\/\/schema.org","@graph":[{"@type":"WebPage","@id":"https:\/\/workspace.es\/alquiler-espacios-de-trabajo-almeria\/alquiler-despacho-almeria\/","url":"https:\/\/workspace.es\/alquiler-espacios-de-trabajo-almeria\/alquiler-despacho-almeria\/","name":"Alquiler de despacho y oficina en Almer\u00eda | Workspace","isPartOf":{"@id":"https:\/\/workspace.es\/#website"},"primaryImageOfPage":{"@id":"https:\/\/workspace.es\/alquiler-espacios-de-trabajo-almeria\/alquiler-despacho-almeria\/#primaryimage"},"image":{"@id":"https:\/\/workspace.es\/alquiler-espacios-de-trabajo-almeria\/alquiler-despacho-almeria\/#primaryimage"},"thumbnailUrl":"https:\/\/workspace.es\/wp-content\/uploads\/2025\/03\/Despacho-Almeria.jpg","datePublished":"2021-02-26T11:00:11+00:00","dateModified":"2026-04-07T08:31:30+00:00","description":"Alquiler de despacho en Almer\u00eda desde 300 \u20ac\/mes. Oficina privada con wifi, salas, recepci\u00f3n, acceso 24\/7 y servicios incluidos. Sin fianza.","breadcrumb":{"@id":"https:\/\/workspace.es\/alquiler-espacios-de-trabajo-almeria\/alquiler-despacho-almeria\/#breadcrumb"},"inLanguage":"en-US","potentialAction":[{"@type":"ReadAction","target":["https:\/\/workspace.es\/alquiler-espacios-de-trabajo-almeria\/alquiler-despacho-almeria\/"]}]},{"@type":"ImageObject","inLanguage":"en-US","@id":"https:\/\/workspace.es\/alquiler-espacios-de-trabajo-almeria\/alquiler-despacho-almeria\/#primaryimage","url":"https:\/\/workspace.es\/wp-content\/uploads\/2025\/03\/Despacho-Almeria.jpg","contentUrl":"https:\/\/workspace.es\/wp-content\/uploads\/2025\/03\/Despacho-Almeria.jpg","width":1920,"height":1080,"caption":"Profesional trabajando en un despacho equipado con varias pantallas y escritorio."},{"@type":"BreadcrumbList","@id":"https:\/\/workspace.es\/alquiler-espacios-de-trabajo-almeria\/alquiler-despacho-almeria\/#breadcrumb","itemListElement":[{"@type":"ListItem","position":1,"name":"INICIO","item":"https:\/\/workspace.es\/"},{"@type":"ListItem","position":2,"name":"Alquiler espacio de trabajo Almer\u00eda","item":"https:\/\/workspace.es\/alquiler-espacios-de-trabajo-almeria\/"},{"@type":"ListItem","position":3,"name":"Alquiler Despacho Almer\u00eda"}]},{"@type":"WebSite","@id":"https:\/\/workspace.es\/#website","url":"https:\/\/workspace.es\/","name":"Workspace Coworking Almeria","description":"Coworking in Almeria for companies and professionals: workstations, rooms and virtual office in an exclusive historic building.","publisher":{"@id":"https:\/\/workspace.es\/#organization"},"alternateName":"Workspace Coworking Almer\u00eda Centro","potentialAction":[{"@type":"SearchAction","target":{"@type":"EntryPoint","urlTemplate":"https:\/\/workspace.es\/?s={search_term_string}"},"query-input":{"@type":"PropertyValueSpecification","valueRequired":true,"valueName":"search_term_string"}}],"inLanguage":"en-US"},{"@type":"Organization","@id":"https:\/\/workspace.es\/#organization","name":"Workspace Coworking Almeria","alternateName":"WorkSpace Almeria","url":"https:\/\/workspace.es\/","logo":{"@type":"ImageObject","inLanguage":"en-US","@id":"https:\/\/workspace.es\/#\/schema\/logo\/image\/","url":"https:\/\/workspace.es\/wp-content\/uploads\/2024\/12\/Workspace-vertical.png","contentUrl":"https:\/\/workspace.es\/wp-content\/uploads\/2024\/12\/Workspace-vertical.png","width":1500,"height":1500,"caption":"Workspace Coworking Almeria"},"image":{"@id":"https:\/\/workspace.es\/#\/schema\/logo\/image\/"},"sameAs":["https:\/\/www.facebook.com\/workspacecoworking","https:\/\/x.com\/workspacees","https:\/\/www.instagram.com\/workspacecoworking\/","https:\/\/www.linkedin.com\/company\/workspace-coworking-almeria\/"],"description":"Workspace Coworking Almer\u00eda es el \u00fanico coworking en un edificio hist\u00f3rico exclusivo en el centro de Almer\u00eda, con espacios de trabajo flexibles, gesti\u00f3n digital, atenci\u00f3n personalizada y un entorno profesional dise\u00f1ado para rendir al m\u00e1ximo.","email":"hola@workspace.es","telephone":"625 01 87 67","legalName":"Workspace Coworking Almer\u00eda","numberOfEmployees":{"@type":"QuantitativeValue","minValue":"1","maxValue":"10"}}]}},"_links":{"self":[{"href":"https:\/\/workspace.es\/en\/wp-json\/wp\/v2\/pages\/7779","targetHints":{"allow":["GET"]}}],"collection":[{"href":"https:\/\/workspace.es\/en\/wp-json\/wp\/v2\/pages"}],"about":[{"href":"https:\/\/workspace.es\/en\/wp-json\/wp\/v2\/types\/page"}],"author":[{"embeddable":true,"href":"https:\/\/workspace.es\/en\/wp-json\/wp\/v2\/users\/1"}],"replies":[{"embeddable":true,"href":"https:\/\/workspace.es\/en\/wp-json\/wp\/v2\/comments?post=7779"}],"version-history":[{"count":34,"href":"https:\/\/workspace.es\/en\/wp-json\/wp\/v2\/pages\/7779\/revisions"}],"predecessor-version":[{"id":12364,"href":"https:\/\/workspace.es\/en\/wp-json\/wp\/v2\/pages\/7779\/revisions\/12364"}],"up":[{"embeddable":true,"href":"https:\/\/workspace.es\/en\/wp-json\/wp\/v2\/pages\/4343"}],"wp:featuredmedia":[{"embeddable":true,"href":"https:\/\/workspace.es\/en\/wp-json\/wp\/v2\/media\/10655"}],"wp:attachment":[{"href":"https:\/\/workspace.es\/en\/wp-json\/wp\/v2\/media?parent=7779"}],"curies":[{"name":"wp","href":"https:\/\/api.w.org\/{rel}","templated":true}]}}